{"id":11998,"date":"2025-03-25T09:57:27","date_gmt":"2025-03-25T07:57:27","guid":{"rendered":"https:\/\/vav.fi\/?page_id=11998"},"modified":"2025-03-25T09:57:27","modified_gmt":"2025-03-25T07:57:27","slug":"hyreslagenheter","status":"publish","type":"page","link":"https:\/\/vav.fi\/sv\/for-bostadssokande\/hyreslagenheter\/","title":{"rendered":"Hyresl\u00e4genheter"},"content":{"rendered":"<p>VAV har ett brett utbud av hyresl\u00e4genheter i Vanda f\u00f6r olika livssituationer, hem f\u00f6r alla. <a href=\"https:\/\/hakemus.tampuuri.fi\/vav\/\" target=\"_blank\" rel=\"noopener\">Fyll i ans\u00f6kningsblanketten!<\/a><\/p>\n<h2>Hyresbost\u00e4der med mer detaljerat urval av hyresg\u00e4ster<\/h2>\n<p>De flesta av VAV:s hyresbost\u00e4der \u00e4r statligt subventionerade, tidigare kallade Ara-hyresbost\u00e4der. De \u00e4r avsedda f\u00f6r dem som har br\u00e5ttom att f\u00e5 en bostad p\u00e5 grund av en f\u00f6r\u00e4ndrad livssituation eller f\u00f6r dem f\u00f6r vilka marknadshyran \u00e4r f\u00f6r dyr. De statligt subventionerade bost\u00e4derna \u00e4r f\u00f6rem\u00e5l f\u00f6r inkomst- och behovspr\u00f6vning.<\/p>\n<p><a class=\"button\" href=\"http:\/\/asunnot.vav.fi\" target=\"_blank\" rel=\"noopener\">SE BOST\u00c4DERNA (p\u00e5 finska)<\/a><\/p>\n<h2>Hyresbost\u00e4der f\u00f6r alla<\/h2>\n<p>VAV har ocks\u00e5 vanliga hyresbost\u00e4der f\u00f6r alla. Fyll i en ans\u00f6kningsblankett, inga separata bilagor kr\u00e4vs och ingen inkomst- eller f\u00f6rm\u00f6genhetskontroll g\u00f6rs &#8211; enkelt!<\/p>\n<p><a class=\"button\" href=\"http:\/\/asunnot.vav.fi\" target=\"_blank\" rel=\"noopener\">se bost\u00e4derna (p\u00e5 finska)<\/a><\/p>\n<h2>Hyresr\u00e4tter f\u00f6r \u00e4ldre<\/h2>\n<p>VAV har en fastighet som \u00e4r en s.k. seniorfastighet, dvs. den \u00e4r avsedd f\u00f6r personer \u00f6ver 55 \u00e5r. Seniorhuset ligger i Metsola, p\u00e5 M\u00e4yr\u00e4tie 6.<\/p>\n<p>VAV \u00e4ger ocks\u00e5 olika service- och v\u00e5rdhem i Vanda. Ans\u00f6kningar till dessa g\u00f6rs via v\u00e4lf\u00e4rdsomr\u00e5dena i Vanda och Kervo.<\/p>\n<p><strong>F\u00f6r mer information:<\/strong><\/p>\n<p><a href=\"https:\/\/vakehyva.fi\/sv\" target=\"_blank\" rel=\"noopener\">Tj\u00e4nster inom v\u00e4lf\u00e4rdsomr\u00e5det Vanda och Kervo<\/a><br \/>\n<a href=\"https:\/\/vakehyva.fi\/sv\/tjanster\/tjanst\/serviceboende-dygnet-runt-aldre#tab-introduction\" target=\"_blank\" rel=\"noopener\">Serviceboende f\u00f6r \u00e4ldre dygnet runt<\/a><br \/>\n<a href=\"https:\/\/vakehyva.fi\/sv\" target=\"_blank\" rel=\"noopener\">Sociala tj\u00e4nster f\u00f6r vuxna och bost\u00e4der f\u00f6r personer med funktionsneds\u00e4ttning<\/a><\/p>\n<h2>Tillg\u00e4ngliga hyresbost\u00e4der<\/h2>\n<p>VAV har inga egentliga tillg\u00e4nglighetsanpassade bost\u00e4der. I synnerhet i de nyaste byggnaderna har man dock beaktat tillg\u00e4ngligheten f\u00f6r rullstolsburna, till exempel genom att till\u00e5ta rullstolsburna att v\u00e4nda i badrummet, antingen utan tr\u00f6sklar eller med l\u00e5ga tr\u00f6sklar.<\/p>\n<p>Det finns ofta ramper p\u00e5 utsidan f\u00f6r att underl\u00e4tta \u00e5tkomsten. Om du l\u00e4gger till i din ans\u00f6kan att du beh\u00f6ver ha s\u00e5 mycket tillg\u00e5ng som m\u00f6jligt kommer detta att beaktas d\u00e4r det \u00e4r m\u00f6jligt.<\/p>\n<h2>R\u00f6kfria fastigheter<\/h2>\n<p>Alla VAV:s hyresfastigheter som f\u00e4rdigst\u00e4llts efter 2017 \u00e4r r\u00f6kfria. R\u00f6kning \u00e4r f\u00f6rbjuden i l\u00e4genheterna, i gemensamma utrymmen, p\u00e5 balkonger och innerg\u00e5rdar.<\/p>\n<p><a class=\"button\" href=\"http:\/\/asunnot.vav.fi\" target=\"_blank\" rel=\"noopener\">Se v\u00e5ra r\u00f6kfria hus<\/a><\/p>\n<p>&nbsp;<\/p>\n","protected":false},"excerpt":{"rendered":"<p>VAV har ett brett utbud av hyresl\u00e4genheter i Vanda f\u00f6r olika livssituationer, hem f\u00f6r alla. Fyll i ans\u00f6kningsblanketten! Hyresbost\u00e4der med mer detaljerat urval av hyresg\u00e4ster De flesta av VAV:s hyresbost\u00e4der \u00e4r statligt subventionerade, tidigare kallade Ara-hyresbost\u00e4der. De \u00e4r avsedda f\u00f6r dem som har br\u00e5ttom att f\u00e5 en bostad p\u00e5 grund av en f\u00f6r\u00e4ndrad livssituation eller [&hellip;]<\/p>\n","protected":false},"author":11,"featured_media":10773,"parent":11977,"menu_order":19,"comment_status":"closed","ping_status":"closed","template":"","meta":{"_acf_changed":false,"inline_featured_image":false,"footnotes":""},"class_list":["post-11998","page","type-page","status-publish","has-post-thumbnail","hentry"],"acf":[],"yoast_head":"<!-- This site is optimized with the Yoast SEO Premium plugin v27.2 (Yoast SEO v27.2) - https:\/\/yoast.com\/product\/yoast-seo-premium-wordpress\/ -->\n<title>Hyresl\u00e4genheter | VAV<\/title>\n<meta name=\"robots\" content=\"index, follow, max-snippet:-1, max-image-preview:large, max-video-preview:-1\" \/>\n<link rel=\"canonical\" href=\"https:\/\/vav.fi\/sv\/for-bostadssokande\/hyreslagenheter\/\" \/>\n<meta property=\"og:locale\" content=\"sv_SE\" \/>\n<meta property=\"og:type\" content=\"article\" \/>\n<meta property=\"og:title\" content=\"Hyresl\u00e4genheter\" \/>\n<meta property=\"og:description\" content=\"VAV har ett brett utbud av hyresl\u00e4genheter i Vanda f\u00f6r olika livssituationer, hem f\u00f6r alla. Fyll i ans\u00f6kningsblanketten! Hyresbost\u00e4der med mer detaljerat urval av hyresg\u00e4ster De flesta av VAV:s hyresbost\u00e4der \u00e4r statligt subventionerade, tidigare kallade Ara-hyresbost\u00e4der. De \u00e4r avsedda f\u00f6r dem som har br\u00e5ttom att f\u00e5 en bostad p\u00e5 grund av en f\u00f6r\u00e4ndrad livssituation eller [&hellip;]\" \/>\n<meta property=\"og:url\" content=\"https:\/\/vav.fi\/sv\/for-bostadssokande\/hyreslagenheter\/\" \/>\n<meta property=\"og:site_name\" content=\"VAV\" \/>\n<meta property=\"article:publisher\" content=\"https:\/\/www.facebook.com\/VAVAsunnot\/\" \/>\n<meta property=\"og:image\" content=\"https:\/\/vav.fi\/wp-content\/uploads\/2024\/02\/anna-kolosyuk-4R6pg0Iq5IU-unsplash-scaled.jpg\" \/>\n\t<meta property=\"og:image:width\" content=\"2560\" \/>\n\t<meta property=\"og:image:height\" content=\"1707\" \/>\n\t<meta property=\"og:image:type\" content=\"image\/jpeg\" \/>\n<meta name=\"twitter:card\" content=\"summary_large_image\" \/>\n<meta name=\"twitter:label1\" content=\"Ber\u00e4knad l\u00e4stid\" \/>\n\t<meta name=\"twitter:data1\" content=\"2 minuter\" \/>\n<script type=\"application\/ld+json\" class=\"yoast-schema-graph\">{\"@context\":\"https:\/\/schema.org\",\"@graph\":[{\"@type\":\"WebPage\",\"@id\":\"https:\/\/vav.fi\/sv\/for-bostadssokande\/hyreslagenheter\/\",\"url\":\"https:\/\/vav.fi\/sv\/for-bostadssokande\/hyreslagenheter\/\",\"name\":\"Hyresl\u00e4genheter | VAV\",\"isPartOf\":{\"@id\":\"https:\/\/vav.fi\/#website\"},\"primaryImageOfPage\":{\"@id\":\"https:\/\/vav.fi\/sv\/for-bostadssokande\/hyreslagenheter\/#primaryimage\"},\"image\":{\"@id\":\"https:\/\/vav.fi\/sv\/for-bostadssokande\/hyreslagenheter\/#primaryimage\"},\"thumbnailUrl\":\"https:\/\/vav.fi\/wp-content\/uploads\/2024\/02\/anna-kolosyuk-4R6pg0Iq5IU-unsplash-scaled.jpg\",\"datePublished\":\"2025-03-25T07:57:27+00:00\",\"breadcrumb\":{\"@id\":\"https:\/\/vav.fi\/sv\/for-bostadssokande\/hyreslagenheter\/#breadcrumb\"},\"inLanguage\":\"sv-SE\",\"potentialAction\":[{\"@type\":\"ReadAction\",\"target\":[\"https:\/\/vav.fi\/sv\/for-bostadssokande\/hyreslagenheter\/\"]}]},{\"@type\":\"ImageObject\",\"inLanguage\":\"sv-SE\",\"@id\":\"https:\/\/vav.fi\/sv\/for-bostadssokande\/hyreslagenheter\/#primaryimage\",\"url\":\"https:\/\/vav.fi\/wp-content\/uploads\/2024\/02\/anna-kolosyuk-4R6pg0Iq5IU-unsplash-scaled.jpg\",\"contentUrl\":\"https:\/\/vav.fi\/wp-content\/uploads\/2024\/02\/anna-kolosyuk-4R6pg0Iq5IU-unsplash-scaled.jpg\",\"width\":2560,\"height\":1707},{\"@type\":\"BreadcrumbList\",\"@id\":\"https:\/\/vav.fi\/sv\/for-bostadssokande\/hyreslagenheter\/#breadcrumb\",\"itemListElement\":[{\"@type\":\"ListItem\",\"position\":1,\"name\":\"Home\",\"item\":\"https:\/\/vav.fi\/sv\/\"},{\"@type\":\"ListItem\",\"position\":2,\"name\":\"F\u00f6r bostadss\u00f6kande\",\"item\":\"https:\/\/vav.fi\/sv\/for-bostadssokande\/\"},{\"@type\":\"ListItem\",\"position\":3,\"name\":\"Hyresl\u00e4genheter\"}]},{\"@type\":\"WebSite\",\"@id\":\"https:\/\/vav.fi\/#website\",\"url\":\"https:\/\/vav.fi\/\",\"name\":\"VAV\",\"description\":\"Helppoa vuokra-asumista suurella syd\u00e4mell\u00e4.\",\"publisher\":{\"@id\":\"https:\/\/vav.fi\/#organization\"},\"potentialAction\":[{\"@type\":\"SearchAction\",\"target\":{\"@type\":\"EntryPoint\",\"urlTemplate\":\"https:\/\/vav.fi\/?s={search_term_string}\"},\"query-input\":{\"@type\":\"PropertyValueSpecification\",\"valueRequired\":true,\"valueName\":\"search_term_string\"}}],\"inLanguage\":\"sv-SE\"},{\"@type\":\"Organization\",\"@id\":\"https:\/\/vav.fi\/#organization\",\"name\":\"VAV\",\"url\":\"https:\/\/vav.fi\/\",\"logo\":{\"@type\":\"ImageObject\",\"inLanguage\":\"sv-SE\",\"@id\":\"https:\/\/vav.fi\/#\/schema\/logo\/image\/\",\"url\":\"https:\/\/vav.fi\/wp-content\/uploads\/2023\/04\/VAV-konserni-original-logo-color-transparent-2023.png\",\"contentUrl\":\"https:\/\/vav.fi\/wp-content\/uploads\/2023\/04\/VAV-konserni-original-logo-color-transparent-2023.png\",\"width\":1782,\"height\":1000,\"caption\":\"VAV\"},\"image\":{\"@id\":\"https:\/\/vav.fi\/#\/schema\/logo\/image\/\"},\"sameAs\":[\"https:\/\/www.facebook.com\/VAVAsunnot\/\",\"https:\/\/www.instagram.com\/vavkonserni\/\",\"https:\/\/www.linkedin.com\/company\/vav-konserni\/\"]}]}<\/script>\n<!-- \/ Yoast SEO Premium plugin. -->","yoast_head_json":{"title":"Hyresl\u00e4genheter | VAV","robots":{"index":"index","follow":"follow","max-snippet":"max-snippet:-1","max-image-preview":"max-image-preview:large","max-video-preview":"max-video-preview:-1"},"canonical":"https:\/\/vav.fi\/sv\/for-bostadssokande\/hyreslagenheter\/","og_locale":"sv_SE","og_type":"article","og_title":"Hyresl\u00e4genheter","og_description":"VAV har ett brett utbud av hyresl\u00e4genheter i Vanda f\u00f6r olika livssituationer, hem f\u00f6r alla. Fyll i ans\u00f6kningsblanketten! Hyresbost\u00e4der med mer detaljerat urval av hyresg\u00e4ster De flesta av VAV:s hyresbost\u00e4der \u00e4r statligt subventionerade, tidigare kallade Ara-hyresbost\u00e4der. De \u00e4r avsedda f\u00f6r dem som har br\u00e5ttom att f\u00e5 en bostad p\u00e5 grund av en f\u00f6r\u00e4ndrad livssituation eller [&hellip;]","og_url":"https:\/\/vav.fi\/sv\/for-bostadssokande\/hyreslagenheter\/","og_site_name":"VAV","article_publisher":"https:\/\/www.facebook.com\/VAVAsunnot\/","og_image":[{"width":2560,"height":1707,"url":"https:\/\/vav.fi\/wp-content\/uploads\/2024\/02\/anna-kolosyuk-4R6pg0Iq5IU-unsplash-scaled.jpg","type":"image\/jpeg"}],"twitter_card":"summary_large_image","twitter_misc":{"Ber\u00e4knad l\u00e4stid":"2 minuter"},"schema":{"@context":"https:\/\/schema.org","@graph":[{"@type":"WebPage","@id":"https:\/\/vav.fi\/sv\/for-bostadssokande\/hyreslagenheter\/","url":"https:\/\/vav.fi\/sv\/for-bostadssokande\/hyreslagenheter\/","name":"Hyresl\u00e4genheter | VAV","isPartOf":{"@id":"https:\/\/vav.fi\/#website"},"primaryImageOfPage":{"@id":"https:\/\/vav.fi\/sv\/for-bostadssokande\/hyreslagenheter\/#primaryimage"},"image":{"@id":"https:\/\/vav.fi\/sv\/for-bostadssokande\/hyreslagenheter\/#primaryimage"},"thumbnailUrl":"https:\/\/vav.fi\/wp-content\/uploads\/2024\/02\/anna-kolosyuk-4R6pg0Iq5IU-unsplash-scaled.jpg","datePublished":"2025-03-25T07:57:27+00:00","breadcrumb":{"@id":"https:\/\/vav.fi\/sv\/for-bostadssokande\/hyreslagenheter\/#breadcrumb"},"inLanguage":"sv-SE","potentialAction":[{"@type":"ReadAction","target":["https:\/\/vav.fi\/sv\/for-bostadssokande\/hyreslagenheter\/"]}]},{"@type":"ImageObject","inLanguage":"sv-SE","@id":"https:\/\/vav.fi\/sv\/for-bostadssokande\/hyreslagenheter\/#primaryimage","url":"https:\/\/vav.fi\/wp-content\/uploads\/2024\/02\/anna-kolosyuk-4R6pg0Iq5IU-unsplash-scaled.jpg","contentUrl":"https:\/\/vav.fi\/wp-content\/uploads\/2024\/02\/anna-kolosyuk-4R6pg0Iq5IU-unsplash-scaled.jpg","width":2560,"height":1707},{"@type":"BreadcrumbList","@id":"https:\/\/vav.fi\/sv\/for-bostadssokande\/hyreslagenheter\/#breadcrumb","itemListElement":[{"@type":"ListItem","position":1,"name":"Home","item":"https:\/\/vav.fi\/sv\/"},{"@type":"ListItem","position":2,"name":"F\u00f6r bostadss\u00f6kande","item":"https:\/\/vav.fi\/sv\/for-bostadssokande\/"},{"@type":"ListItem","position":3,"name":"Hyresl\u00e4genheter"}]},{"@type":"WebSite","@id":"https:\/\/vav.fi\/#website","url":"https:\/\/vav.fi\/","name":"VAV","description":"Helppoa vuokra-asumista suurella syd\u00e4mell\u00e4.","publisher":{"@id":"https:\/\/vav.fi\/#organization"},"potentialAction":[{"@type":"SearchAction","target":{"@type":"EntryPoint","urlTemplate":"https:\/\/vav.fi\/?s={search_term_string}"},"query-input":{"@type":"PropertyValueSpecification","valueRequired":true,"valueName":"search_term_string"}}],"inLanguage":"sv-SE"},{"@type":"Organization","@id":"https:\/\/vav.fi\/#organization","name":"VAV","url":"https:\/\/vav.fi\/","logo":{"@type":"ImageObject","inLanguage":"sv-SE","@id":"https:\/\/vav.fi\/#\/schema\/logo\/image\/","url":"https:\/\/vav.fi\/wp-content\/uploads\/2023\/04\/VAV-konserni-original-logo-color-transparent-2023.png","contentUrl":"https:\/\/vav.fi\/wp-content\/uploads\/2023\/04\/VAV-konserni-original-logo-color-transparent-2023.png","width":1782,"height":1000,"caption":"VAV"},"image":{"@id":"https:\/\/vav.fi\/#\/schema\/logo\/image\/"},"sameAs":["https:\/\/www.facebook.com\/VAVAsunnot\/","https:\/\/www.instagram.com\/vavkonserni\/","https:\/\/www.linkedin.com\/company\/vav-konserni\/"]}]}},"_links":{"self":[{"href":"https:\/\/vav.fi\/sv\/wp-json\/wp\/v2\/pages\/11998","targetHints":{"allow":["GET"]}}],"collection":[{"href":"https:\/\/vav.fi\/sv\/wp-json\/wp\/v2\/pages"}],"about":[{"href":"https:\/\/vav.fi\/sv\/wp-json\/wp\/v2\/types\/page"}],"author":[{"embeddable":true,"href":"https:\/\/vav.fi\/sv\/wp-json\/wp\/v2\/users\/11"}],"replies":[{"embeddable":true,"href":"https:\/\/vav.fi\/sv\/wp-json\/wp\/v2\/comments?post=11998"}],"version-history":[{"count":3,"href":"https:\/\/vav.fi\/sv\/wp-json\/wp\/v2\/pages\/11998\/revisions"}],"predecessor-version":[{"id":12047,"href":"https:\/\/vav.fi\/sv\/wp-json\/wp\/v2\/pages\/11998\/revisions\/12047"}],"up":[{"embeddable":true,"href":"https:\/\/vav.fi\/sv\/wp-json\/wp\/v2\/pages\/11977"}],"wp:featuredmedia":[{"embeddable":true,"href":"https:\/\/vav.fi\/sv\/wp-json\/wp\/v2\/media\/10773"}],"wp:attachment":[{"href":"https:\/\/vav.fi\/sv\/wp-json\/wp\/v2\/media?parent=11998"}],"curies":[{"name":"wp","href":"https:\/\/api.w.org\/{rel}","templated":true}]}}